{"id":430,"date":"2022-03-07T22:19:15","date_gmt":"2022-03-07T21:19:15","guid":{"rendered":"https:\/\/groussbus.lgs.lu\/?page_id=430"},"modified":"2026-03-07T11:23:36","modified_gmt":"2026-03-07T10:23:36","slug":"photoen","status":"publish","type":"page","link":"https:\/\/groussbus.lgs.lu\/?page_id=430","title":{"rendered":"Photoen 2023"},"content":{"rendered":"\n<p>Hei fannt dir Photoen vun engem Deel vun eisen Aktivit\u00e9iten vun 2023<\/p>\n\n\n\n<p><a href=\"https:\/\/groussbus.lgs.lu\/?p=1129\" data-type=\"post\" data-id=\"1129\">14.Januar 2023 : Aispiste Befort<\/a><\/p>\n\n\n\n<p><a href=\"https:\/\/groussbus.lgs.lu\/?p=1133\" data-type=\"post\" data-id=\"1133\">25.Februar 2023 : Buergbrennen zu M\u00e4erzeg<\/a><\/p>\n\n\n\n<p><a href=\"https:\/\/groussbus.lgs.lu\/?p=1137\" data-type=\"post\" data-id=\"1137\">4.M\u00e4rz 2023 : Thinking Day zu Miersch<\/a><\/p>\n\n\n\n<p><a href=\"https:\/\/groussbus.lgs.lu\/?p=1148\" data-type=\"post\" data-id=\"1148\">25.-26.M\u00e4rz 2023 : Biberweekend<\/a><\/p>\n\n\n\n<p><a href=\"https:\/\/groussbus.lgs.lu\/?p=1157\" data-type=\"post\" data-id=\"1157\">25.M\u00e4rz 2023 : Grouss Botz zu Wal<\/a><\/p>\n\n\n\n<p><a href=\"https:\/\/groussbus.lgs.lu\/?p=1169\" data-type=\"post\" data-id=\"1169\">31.Mee 2023 : Besuch op der SIDEC um Friddhaff<\/a><\/p>\n\n\n\n<p><a href=\"https:\/\/groussbus.lgs.lu\/?p=1174\" data-type=\"post\" data-id=\"1174\">10.Juni 2023 : Bibertreff 2023 zu R\u00e9imech<\/a><\/p>\n\n\n\n<p><a href=\"https:\/\/groussbus.lgs.lu\/?p=1187\" data-type=\"post\" data-id=\"1187\">17.Juni 2023 : Naturdag zu Dikkrech<\/a><\/p>\n\n\n\n<p><a href=\"https:\/\/groussbus.lgs.lu\/?p=1205\" data-type=\"post\" data-id=\"1205\">22.Juni 2023 : Nationalfeierdag zu Groussbus<\/a><\/p>\n\n\n\n<p><a href=\"https:\/\/groussbus.lgs.lu\/?p=1227\">9.Juli 2023 : Schlassfest zu Kolpesch<\/a><\/p>\n\n\n\n<p><a href=\"https:\/\/groussbus.lgs.lu\/?p=1235\">16.Juli 2023: Street festival Remmereg<\/a><\/p>\n\n\n\n<p><a href=\"https:\/\/groussbus.lgs.lu\/?p=1240\">18.-22. Juli 2023: Bedeelegung um nationale Bibercamp Nanoq\u201923<\/a><\/p>\n\n\n\n<p><a href=\"https:\/\/groussbus.lgs.lu\/?p=1251\">26.-30.Juli 2023 : W\u00ebllefcherscamp zu Bilsdorf<\/a><\/p>\n\n\n\n<p><a href=\"https:\/\/groussbus.lgs.lu\/?p=1253\">17.September 2023: Besuch vum Wisefest bei den Eschduerfer Scouten<\/a><\/p>\n\n\n\n<p><a href=\"https:\/\/groussbus.lgs.lu\/?p=1296\">30.September 2023: Kannerfest am Beetebuerger Park<\/a><\/p>\n\n\n\n<p><a href=\"https:\/\/groussbus.lgs.lu\/?p=1310\">28.Oktober 2023: Halloween zu Eschduerf<\/a><\/p>\n\n\n\n<p><a href=\"https:\/\/groussbus.lgs.lu\/?p=1312\">9.Dezember 2023: Adventsmaart zu Randschelt<\/a><\/p>\n\n\n\n<p><a href=\"https:\/\/groussbus.lgs.lu\/?p=1338\">16.Dezember 2023: Friddensliicht 2023 zu Perl (D)<\/a><\/p>\n\n\n\n<p><a href=\"https:\/\/groussbus.lgs.lu\/?p=1374\">25.Dezember 2023: Verdeele vum Friddensliicht am Pr\u00e9izerdaul<\/a><\/p>\n\n\n\n<p><a href=\"https:\/\/groussbus.lgs.lu\/?p=1380\">26.Dezember 2023: Verdeele vum Friddensliicht zu Groussbus<\/a><\/p>\n","protected":false},"excerpt":{"rendered":"<p>Hei fannt dir Photoen vun engem Deel vun eisen Aktivit\u00e9iten vun 2023 14.Januar 2023 : Aispiste Befort 25.Februar 2023 : Buergbrennen zu M\u00e4erzeg 4.M\u00e4rz 2023 : Thinking Day zu Miersch 25.-26.M\u00e4rz 2023 : Biberweekend 25.M\u00e4rz 2023 : Grouss Botz zu Wal 31.Mee 2023 : Besuch op der SIDEC um Friddhaff 10.Juni 2023 : Bibertreff 2023 &hellip; <a href=\"https:\/\/groussbus.lgs.lu\/?page_id=430\" class=\"more-link\">Continue reading <span class=\"screen-reader-text\">Photoen 2023<\/span><\/a><\/p>\n","protected":false},"author":2,"featured_media":0,"parent":0,"menu_order":0,"comment_status":"closed","ping_status":"closed","template":"","meta":{"footnotes":""},"class_list":["post-430","page","type-page","status-publish","hentry"],"publishpress_future_action":{"enabled":false,"date":"2026-05-07 12:42:12","action":"change-status","newStatus":"draft","terms":[],"taxonomy":"","extraData":[]},"publishpress_future_workflow_manual_trigger":{"enabledWorkflows":[]},"_links":{"self":[{"href":"https:\/\/groussbus.lgs.lu\/index.php?rest_route=\/wp\/v2\/pages\/430","targetHints":{"allow":["GET"]}}],"collection":[{"href":"https:\/\/groussbus.lgs.lu\/index.php?rest_route=\/wp\/v2\/pages"}],"about":[{"href":"https:\/\/groussbus.lgs.lu\/index.php?rest_route=\/wp\/v2\/types\/page"}],"author":[{"embeddable":true,"href":"https:\/\/groussbus.lgs.lu\/index.php?rest_route=\/wp\/v2\/users\/2"}],"replies":[{"embeddable":true,"href":"https:\/\/groussbus.lgs.lu\/index.php?rest_route=%2Fwp%2Fv2%2Fcomments&post=430"}],"version-history":[{"count":26,"href":"https:\/\/groussbus.lgs.lu\/index.php?rest_route=\/wp\/v2\/pages\/430\/revisions"}],"predecessor-version":[{"id":1832,"href":"https:\/\/groussbus.lgs.lu\/index.php?rest_route=\/wp\/v2\/pages\/430\/revisions\/1832"}],"wp:attachment":[{"href":"https:\/\/groussbus.lgs.lu\/index.php?rest_route=%2Fwp%2Fv2%2Fmedia&parent=430"}],"curies":[{"name":"wp","href":"https:\/\/api.w.org\/{rel}","templated":true}]}}